{"id":15544,"date":"2025-11-10T19:09:33","date_gmt":"2025-11-10T18:09:33","guid":{"rendered":"https:\/\/militaerverlag.de\/?post_type=product&#038;p=15544"},"modified":"2025-11-10T19:11:59","modified_gmt":"2025-11-10T18:11:59","slug":"cold-case-auf-der-ostsee","status":"publish","type":"product","link":"https:\/\/militaerverlag.de\/?product=cold-case-auf-der-ostsee","title":{"rendered":"Cold Case auf der Ostsee"},"content":{"rendered":"<p>1999 sank in der Ostsee, auf halber Strecke zwischen R\u00fcgen und Bornholm, die BELUGA. Die Gr\u00fcnde, weshalb drei ostdeutsche Fischer starben, sind bis heute nicht aufgekl\u00e4rt. Michael Schmidt und Lutz Riemann, beide damals beim NDR besch\u00e4ftigt, fragten: warum nicht? \u00dcber die Ostsee f\u00fchren die am besten \u00fcberwachten Wasserstra\u00dfen der Welt. Da m\u00fcsste doch alles rasch zu kl\u00e4ren sein.<\/p>\n<p>Doch wie sp\u00e4ter bei der Sprengung der Pipelines NordStream 1 und 2 im September 2022 \u2013 \u00fcbrigens unweit jener Stelle, wo die BELUGA sank \u2013 will niemand etwas bemerkt haben, gibt es keine elektronischen Aufzeichnungen, liefen alle Ermittlungen angeblich ins Leere. Und dann wurden die Akten geschlossen.<\/p>\n<p>Lutz Riemann, einst Ober\u00adleutnant Zimmermann im \u00bbPolizeiruf 110\u00ab, lebt nicht mehr, sein Freund und Kollege Schmidt recherchiert jedoch weiter. Inzwischen liegt das Ungl\u00fcck 25 Jahre zur\u00fcck, der Fall ist ein \u00bbCold Case\u00ab, ein unaufgekl\u00e4rtes Verbrechen.<\/p>\n<p>Schmidt dokumentiert in diesem Buch, was bisher geschah. Und hofft auf neue Erkenntnisse und politische Einsichten, damit auch dieser \u00bbkalte\u00ab Mordfall endlich gel\u00f6st werden kann. Denn nicht nur er ist davon \u00fcberzeugt, dass hier bewusst vertuscht wurde.<\/p>\n<p>ISBN\/EAN: 9783897933866<br \/>\n1. Auflage 2024<br \/>\nErscheinungstermin: 30.08.2024<br \/>\nSprache: deutsch<\/p>\n<p><a href=\"mailto:handel@militaerverlag.de?subject=Buchhandelsbestellung%209783897933866%20Cold%20Case%20auf%20der%20Ostsee&amp;body=Bitte%20geben%20Sie%20bei%20jeder%20Bestellung%20unbedingt%20Ihre%20Verkehrsnummer%20an!\" target=\"_blank\" rel=\"noopener\">Das Buch als H\u00e4ndler beim Verlag bestellen<\/a><\/p>\n<p><a title=\"Buch bei buchhandel.de (neues Fenster)\" href=\"https:\/\/buchhandel.de\/buch\/9783897933866\" target=\"_blank\" rel=\"noopener\">Das Buch bei buchhandel.de<\/a><\/p>\n<p><a title=\"Katalogseite der Deutschen Nationalbibliothek (neues Fenster)\" href=\"https:\/\/d-nb.info\/1338198734\" target=\"_blank\" rel=\"noopener\">Das Buch im Katalog der Deutschen Nationalbibliothek<\/a><\/p>\n","protected":false},"excerpt":{"rendered":"<h3>Der Fall BELUGA<\/h3>\n<p>1999 sank in der Ostsee der Fischkutter BELUGA, drei ostdeutsche Seeleute starben. Die Hinterg\u00fcnde des Ungl\u00fccks sind bis heute nicht aufgekl\u00e4rt. Michael Schmidt und Lutz Riemann, beide damals beim NDR besch\u00e4ftigt, fragten: warum nicht?<br \/>\nBei ihren Recherchen stie\u00dfen sie auf ein schier undurchdringbares Geflecht aus Vertuschen, Verschweigen und Verdrehen der Fakten. Schmidt dokumentiert in diesem Buch, was bisher geschah.<\/p>\n<p>ISBN: 978-3-89793-386-6<br \/>\n1. Auflage 2024<br \/>\n240 Seiten, 21 cm, brosch.<\/p>\n","protected":false},"featured_media":15546,"comment_status":"open","ping_status":"closed","template":"","meta":[],"product_brand":[181],"product_cat":[180],"product_tag":[],"class_list":{"0":"post-15544","1":"product","2":"type-product","3":"status-publish","4":"has-post-thumbnail","6":"product_brand-verlag-am-park","7":"product_cat-michael-schmidt","9":"first","10":"instock","11":"taxable","12":"shipping-taxable","13":"purchasable","14":"product-type-simple"},"_links":{"self":[{"href":"https:\/\/militaerverlag.de\/index.php?rest_route=\/wp\/v2\/product\/15544","targetHints":{"allow":["GET"]}}],"collection":[{"href":"https:\/\/militaerverlag.de\/index.php?rest_route=\/wp\/v2\/product"}],"about":[{"href":"https:\/\/militaerverlag.de\/index.php?rest_route=\/wp\/v2\/types\/product"}],"replies":[{"embeddable":true,"href":"https:\/\/militaerverlag.de\/index.php?rest_route=%2Fwp%2Fv2%2Fcomments&post=15544"}],"wp:featuredmedia":[{"embeddable":true,"href":"https:\/\/militaerverlag.de\/index.php?rest_route=\/wp\/v2\/media\/15546"}],"wp:attachment":[{"href":"https:\/\/militaerverlag.de\/index.php?rest_route=%2Fwp%2Fv2%2Fmedia&parent=15544"}],"wp:term":[{"taxonomy":"product_brand","embeddable":true,"href":"https:\/\/militaerverlag.de\/index.php?rest_route=%2Fwp%2Fv2%2Fproduct_brand&post=15544"},{"taxonomy":"product_cat","embeddable":true,"href":"https:\/\/militaerverlag.de\/index.php?rest_route=%2Fwp%2Fv2%2Fproduct_cat&post=15544"},{"taxonomy":"product_tag","embeddable":true,"href":"https:\/\/militaerverlag.de\/index.php?rest_route=%2Fwp%2Fv2%2Fproduct_tag&post=15544"}],"curies":[{"name":"wp","href":"https:\/\/api.w.org\/{rel}","templated":true}]}}